{"id":41639,"date":"2026-01-28T12:22:42","date_gmt":"2026-01-28T11:22:42","guid":{"rendered":"https:\/\/silviafernandez.com\/?page_id=41639"},"modified":"2026-01-28T15:30:38","modified_gmt":"2026-01-28T14:30:38","slug":"convencion-2026-espana","status":"publish","type":"page","link":"https:\/\/silviafernandez.com\/fr\/convencion-2026-espana\/","title":{"rendered":"Convenci\u00f3n 2026 Espa\u00f1a"},"content":{"rendered":"<div data-elementor-type=\"wp-page\" data-elementor-id=\"41639\" class=\"elementor elementor-41639\" data-elementor-post-type=\"page\">\n\t\t\t\t<div class=\"elementor-element elementor-element-c2c3b78 e-con-full e-flex e-con e-parent\" data-id=\"c2c3b78\" data-element_type=\"container\" data-e-type=\"container\" data-settings=\"{&quot;jet_parallax_layout_list&quot;:[]}\">\n\t\t<div class=\"elementor-element elementor-element-71f78df e-con-full e-flex e-con e-child\" data-id=\"71f78df\" data-element_type=\"container\" data-e-type=\"container\" data-settings=\"{&quot;jet_parallax_layout_list&quot;:[]}\">\n\t\t\t\t<div class=\"elementor-element elementor-element-77ce326 elementor-widget elementor-widget-image\" data-id=\"77ce326\" data-element_type=\"widget\" data-e-type=\"widget\" data-widget_type=\"image.default\">\n\t\t\t\t\t\t\t\t\t\t\t\t\t\t\t<img fetchpriority=\"high\" decoding=\"async\" width=\"512\" height=\"153\" src=\"https:\/\/silviafernandez.com\/wp-content\/uploads\/2023\/01\/logo-haute-couture-web-copia.png\" class=\"attachment-large size-large wp-image-16359\" alt=\"logo haute couture web copia\" srcset=\"https:\/\/silviafernandez.com\/wp-content\/uploads\/2023\/01\/logo-haute-couture-web-copia.png 512w, https:\/\/silviafernandez.com\/wp-content\/uploads\/2023\/01\/logo-haute-couture-web-copia-300x90.png 300w, https:\/\/silviafernandez.com\/wp-content\/uploads\/2023\/01\/logo-haute-couture-web-copia-500x149.png 500w, https:\/\/silviafernandez.com\/wp-content\/uploads\/2023\/01\/logo-haute-couture-web-copia-400x120.png 400w\" sizes=\"(max-width: 512px) 100vw, 512px\" \/>\t\t\t\t\t\t\t\t\t\t\t\t\t\t\t<\/div>\n\t\t\t\t<div class=\"elementor-element elementor-element-2d10c95 elementor-widget elementor-widget-heading\" data-id=\"2d10c95\" data-element_type=\"widget\" data-e-type=\"widget\" data-widget_type=\"heading.default\">\n\t\t\t\t\t<h2 class=\"elementor-heading-title elementor-size-default\">Nueva Colecci\u00f3n<\/h2>\t\t\t\t<\/div>\n\t\t\t\t<div class=\"elementor-element elementor-element-d1c09b6 elementor-widget elementor-widget-heading\" data-id=\"d1c09b6\" data-element_type=\"widget\" data-e-type=\"widget\" data-widget_type=\"heading.default\">\n\t\t\t\t\t<h2 class=\"elementor-heading-title elementor-size-default\">8 y 9 de marzo<\/h2>\t\t\t\t<\/div>\n\t\t\t\t<div class=\"elementor-element elementor-element-84383b9 elementor-widget elementor-widget-image\" data-id=\"84383b9\" data-element_type=\"widget\" data-e-type=\"widget\" data-widget_type=\"image.default\">\n\t\t\t\t\t\t\t\t\t\t\t\t\t\t\t<img decoding=\"async\" width=\"1355\" height=\"248\" src=\"https:\/\/silviafernandez.com\/wp-content\/uploads\/2026\/01\/ORIGEN.webp\" class=\"attachment-full size-full wp-image-41647\" alt=\"Origen\" srcset=\"https:\/\/silviafernandez.com\/wp-content\/uploads\/2026\/01\/ORIGEN.webp 1355w, https:\/\/silviafernandez.com\/wp-content\/uploads\/2026\/01\/ORIGEN-300x55.webp 300w, https:\/\/silviafernandez.com\/wp-content\/uploads\/2026\/01\/ORIGEN-1024x187.webp 1024w, https:\/\/silviafernandez.com\/wp-content\/uploads\/2026\/01\/ORIGEN-768x141.webp 768w, https:\/\/silviafernandez.com\/wp-content\/uploads\/2026\/01\/ORIGEN-18x3.webp 18w, https:\/\/silviafernandez.com\/wp-content\/uploads\/2026\/01\/ORIGEN-400x73.webp 400w, https:\/\/silviafernandez.com\/wp-content\/uploads\/2026\/01\/ORIGEN-500x92.webp 500w, https:\/\/silviafernandez.com\/wp-content\/uploads\/2026\/01\/ORIGEN-900x165.webp 900w\" sizes=\"(max-width: 1355px) 100vw, 1355px\" \/>\t\t\t\t\t\t\t\t\t\t\t\t\t\t\t<\/div>\n\t\t\t\t<div class=\"elementor-element elementor-element-b447eb6 elementor-widget elementor-widget-heading\" data-id=\"b447eb6\" data-element_type=\"widget\" data-e-type=\"widget\" data-widget_type=\"heading.default\">\n\t\t\t\t\t<h2 class=\"elementor-heading-title elementor-size-default\">ATELIER PRINCIPAL - PONFERRADA\n\n<\/h2>\t\t\t\t<\/div>\n\t\t\t\t<div class=\"elementor-element elementor-element-27fb3ca elementor-widget elementor-widget-heading\" data-id=\"27fb3ca\" data-element_type=\"widget\" data-e-type=\"widget\" data-widget_type=\"heading.default\">\n\t\t\t\t\t<h2 class=\"elementor-heading-title elementor-size-default\"><span style=\"--Ys-XuQ: none\">Calle Camino de Santiago, 26, 24402 | <\/span><span style=\"--Ys-XuQ: none\">Ponferrada, Le\u00f3n<\/span>\n<\/h2>\t\t\t\t<\/div>\n\t\t\t\t<div class=\"elementor-element elementor-element-996461e elementor-widget-divider--view-line elementor-widget elementor-widget-divider\" data-id=\"996461e\" data-element_type=\"widget\" data-e-type=\"widget\" data-widget_type=\"divider.default\">\n\t\t\t\t\t\t\t<div class=\"elementor-divider\">\n\t\t\t<span class=\"elementor-divider-separator\">\n\t\t\t\t\t\t<\/span>\n\t\t<\/div>\n\t\t\t\t\t\t<\/div>\n\t\t\t\t<div class=\"elementor-element elementor-element-c73f389 elementor-widget elementor-widget-heading\" data-id=\"c73f389\" data-element_type=\"widget\" data-e-type=\"widget\" data-widget_type=\"heading.default\">\n\t\t\t\t\t<div class=\"elementor-heading-title elementor-size-default\">Te invitamos a descubrir la nueva colecci\u00f3n en Ponferrada, en nuestro atelier principal y el verdadero origen de todo: <br>El <b>8 de marzo<\/b> celebraremos la convenci\u00f3n junto a un <b>desfile especial<\/b> de presentaci\u00f3n.<br>El <b>9 de marzo<\/b> continuaremos con la convenci\u00f3n durante media jornada para que pod\u00e1is seguir  descubriendo la colecci\u00f3n con calma y realizar vuestros pedidos.<\/div>\t\t\t\t<\/div>\n\t\t\t\t<div class=\"elementor-element elementor-element-2aed881 elementor-align-center elementor-widget elementor-widget-button\" data-id=\"2aed881\" data-element_type=\"widget\" data-e-type=\"widget\" data-widget_type=\"button.default\">\n\t\t\t\t\t\t\t\t\t\t<a class=\"elementor-button elementor-button-link elementor-size-sm elementor-animation-shrink\" href=\"https:\/\/silviafernandez.com\/fr\/reserva-convencion-2026-espana\/\">\n\t\t\t\t\t\t<span class=\"elementor-button-content-wrapper\">\n\t\t\t\t\t\t\t\t\t<span class=\"elementor-button-text\">Asistir\u00e9<\/span>\n\t\t\t\t\t<\/span>\n\t\t\t\t\t<\/a>\n\t\t\t\t\t\t\t\t<\/div>\n\t\t\t\t<\/div>\n\t\t<div class=\"elementor-element elementor-element-03cdc3b e-con-full e-flex e-con e-child\" data-id=\"03cdc3b\" data-element_type=\"container\" data-e-type=\"container\" data-settings=\"{&quot;jet_parallax_layout_list&quot;:[]}\">\n\t\t\t\t<div class=\"elementor-element elementor-element-c3d85ee elementor-widget elementor-widget-image\" data-id=\"c3d85ee\" data-element_type=\"widget\" data-e-type=\"widget\" data-widget_type=\"image.default\">\n\t\t\t\t\t\t\t\t\t\t\t\t\t\t\t<img decoding=\"async\" width=\"766\" height=\"1024\" src=\"https:\/\/silviafernandez.com\/wp-content\/uploads\/2026\/01\/Captura-de-pantalla-2026-01-28-a-las-12.51.52-766x1024.webp\" class=\"attachment-large size-large wp-image-41646\" alt=\"Captura De Pantalla 2026 01 28 A Las 12.\" srcset=\"https:\/\/silviafernandez.com\/wp-content\/uploads\/2026\/01\/Captura-de-pantalla-2026-01-28-a-las-12.51.52-766x1024.webp 766w, https:\/\/silviafernandez.com\/wp-content\/uploads\/2026\/01\/Captura-de-pantalla-2026-01-28-a-las-12.51.52-224x300.webp 224w, https:\/\/silviafernandez.com\/wp-content\/uploads\/2026\/01\/Captura-de-pantalla-2026-01-28-a-las-12.51.52-768x1027.webp 768w, https:\/\/silviafernandez.com\/wp-content\/uploads\/2026\/01\/Captura-de-pantalla-2026-01-28-a-las-12.51.52-9x12.webp 9w, https:\/\/silviafernandez.com\/wp-content\/uploads\/2026\/01\/Captura-de-pantalla-2026-01-28-a-las-12.51.52-400x535.webp 400w, https:\/\/silviafernandez.com\/wp-content\/uploads\/2026\/01\/Captura-de-pantalla-2026-01-28-a-las-12.51.52-500x669.webp 500w, https:\/\/silviafernandez.com\/wp-content\/uploads\/2026\/01\/Captura-de-pantalla-2026-01-28-a-las-12.51.52-900x1204.webp 900w, https:\/\/silviafernandez.com\/wp-content\/uploads\/2026\/01\/Captura-de-pantalla-2026-01-28-a-las-12.51.52.webp 921w\" sizes=\"(max-width: 766px) 100vw, 766px\" \/>\t\t\t\t\t\t\t\t\t\t\t\t\t\t\t<\/div>\n\t\t\t\t<\/div>\n\t\t\t\t<\/div>\n\t\t\t\t<\/div>","protected":false},"excerpt":{"rendered":"<p>Nueva Colecci\u00f3n 8 y 9 de marzo ATELIER PRINCIPAL &#8211; PONFERRADA Calle Camino de Santiago, 26, 24402 | Ponferrada, Le\u00f3n Te invitamos a descubrir la nueva colecci\u00f3n en Ponferrada, en nuestro atelier principal y el verdadero origen de todo: El 8 de marzo celebraremos la convenci\u00f3n junto a un desfile especial de presentaci\u00f3n.El 9 de [&hellip;]<\/p>\n","protected":false},"author":229,"featured_media":0,"parent":0,"menu_order":0,"comment_status":"closed","ping_status":"closed","template":"","meta":{"footnotes":""},"class_list":["post-41639","page","type-page","status-publish","hentry"],"_links":{"self":[{"href":"https:\/\/silviafernandez.com\/fr\/wp-json\/wp\/v2\/pages\/41639","targetHints":{"allow":["GET"]}}],"collection":[{"href":"https:\/\/silviafernandez.com\/fr\/wp-json\/wp\/v2\/pages"}],"about":[{"href":"https:\/\/silviafernandez.com\/fr\/wp-json\/wp\/v2\/types\/page"}],"author":[{"embeddable":true,"href":"https:\/\/silviafernandez.com\/fr\/wp-json\/wp\/v2\/users\/229"}],"replies":[{"embeddable":true,"href":"https:\/\/silviafernandez.com\/fr\/wp-json\/wp\/v2\/comments?post=41639"}],"version-history":[{"count":9,"href":"https:\/\/silviafernandez.com\/fr\/wp-json\/wp\/v2\/pages\/41639\/revisions"}],"predecessor-version":[{"id":41714,"href":"https:\/\/silviafernandez.com\/fr\/wp-json\/wp\/v2\/pages\/41639\/revisions\/41714"}],"wp:attachment":[{"href":"https:\/\/silviafernandez.com\/fr\/wp-json\/wp\/v2\/media?parent=41639"}],"curies":[{"name":"wp","href":"https:\/\/api.w.org\/{rel}","templated":true}]}}