{"id":30685,"date":"2025-01-02T12:27:47","date_gmt":"2025-01-02T11:27:47","guid":{"rendered":"https:\/\/silviafernandez.com\/?post_type=calendario-eventos&#038;p=30685"},"modified":"2025-12-16T10:07:57","modified_gmt":"2025-12-16T09:07:57","slug":"lazos-madrid-almirante","status":"publish","type":"calendario-eventos","link":"https:\/\/silviafernandez.com\/en\/calendario-eventos\/lazos-madrid-almirante\/","title":{"rendered":"LAZOS &#8211; MADRID &#8211; Almirante"},"content":{"rendered":"\t\t<div data-elementor-type=\"wp-post\" data-elementor-id=\"30685\" class=\"elementor elementor-30685\" data-elementor-post-type=\"calendario-eventos\">\n\t\t\t\t\t\t<section class=\"elementor-section elementor-top-section elementor-element elementor-element-2b08e6ad elementor-section-boxed elementor-section-height-default elementor-section-height-default\" data-id=\"2b08e6ad\" data-element_type=\"section\" data-e-type=\"section\" data-settings=\"{&quot;jet_parallax_layout_list&quot;:[{&quot;jet_parallax_layout_image&quot;:{&quot;url&quot;:&quot;&quot;,&quot;id&quot;:&quot;&quot;,&quot;size&quot;:&quot;&quot;},&quot;_id&quot;:&quot;98308b7&quot;,&quot;jet_parallax_layout_image_tablet&quot;:{&quot;url&quot;:&quot;&quot;,&quot;id&quot;:&quot;&quot;,&quot;size&quot;:&quot;&quot;},&quot;jet_parallax_layout_image_mobile&quot;:{&quot;url&quot;:&quot;&quot;,&quot;id&quot;:&quot;&quot;,&quot;size&quot;:&quot;&quot;},&quot;jet_parallax_layout_speed&quot;:{&quot;unit&quot;:&quot;%&quot;,&quot;size&quot;:50,&quot;sizes&quot;:[]},&quot;jet_parallax_layout_type&quot;:&quot;scroll&quot;,&quot;jet_parallax_layout_direction&quot;:&quot;1&quot;,&quot;jet_parallax_layout_fx_direction&quot;:null,&quot;jet_parallax_layout_z_index&quot;:&quot;&quot;,&quot;jet_parallax_layout_bg_x&quot;:50,&quot;jet_parallax_layout_bg_x_tablet&quot;:&quot;&quot;,&quot;jet_parallax_layout_bg_x_mobile&quot;:&quot;&quot;,&quot;jet_parallax_layout_bg_y&quot;:50,&quot;jet_parallax_layout_bg_y_tablet&quot;:&quot;&quot;,&quot;jet_parallax_layout_bg_y_mobile&quot;:&quot;&quot;,&quot;jet_parallax_layout_bg_size&quot;:&quot;auto&quot;,&quot;jet_parallax_layout_bg_size_tablet&quot;:&quot;&quot;,&quot;jet_parallax_layout_bg_size_mobile&quot;:&quot;&quot;,&quot;jet_parallax_layout_animation_prop&quot;:&quot;transform&quot;,&quot;jet_parallax_layout_on&quot;:[&quot;desktop&quot;,&quot;tablet&quot;]}]}\">\n\t\t\t\t\t\t<div class=\"elementor-container elementor-column-gap-default\">\n\t\t\t\t\t<div class=\"elementor-column elementor-col-50 elementor-top-column elementor-element elementor-element-26d70604\" data-id=\"26d70604\" data-element_type=\"column\" data-e-type=\"column\">\n\t\t\t<div class=\"elementor-widget-wrap elementor-element-populated\">\n\t\t\t\t\t\t<div class=\"elementor-element elementor-element-9cb138b elementor-widget elementor-widget-image\" data-id=\"9cb138b\" data-element_type=\"widget\" data-e-type=\"widget\" data-widget_type=\"image.default\">\n\t\t\t\t\t\t\t\t\t\t\t\t\t\t\t<img fetchpriority=\"high\" decoding=\"async\" width=\"800\" height=\"1001\" src=\"https:\/\/silviafernandez.com\/wp-content\/uploads\/2023\/05\/Vestidos_de_novia_2024_Silvia_Fernandez_MENCIA-DETALLE-2-818x1024.jpg\" class=\"attachment-large size-large wp-image-18559\" alt=\"Vestidos de novia 2024 Silvia Ferna\u0301ndez MENCIA-DETALLE-2\" srcset=\"https:\/\/silviafernandez.com\/wp-content\/uploads\/2023\/05\/Vestidos_de_novia_2024_Silvia_Fernandez_MENCIA-DETALLE-2-818x1024.jpg 818w, https:\/\/silviafernandez.com\/wp-content\/uploads\/2023\/05\/Vestidos_de_novia_2024_Silvia_Fernandez_MENCIA-DETALLE-2-240x300.jpg 240w, https:\/\/silviafernandez.com\/wp-content\/uploads\/2023\/05\/Vestidos_de_novia_2024_Silvia_Fernandez_MENCIA-DETALLE-2-768x961.jpg 768w, https:\/\/silviafernandez.com\/wp-content\/uploads\/2023\/05\/Vestidos_de_novia_2024_Silvia_Fernandez_MENCIA-DETALLE-2-500x626.jpg 500w, https:\/\/silviafernandez.com\/wp-content\/uploads\/2023\/05\/Vestidos_de_novia_2024_Silvia_Fernandez_MENCIA-DETALLE-2-400x500.jpg 400w, https:\/\/silviafernandez.com\/wp-content\/uploads\/2023\/05\/Vestidos_de_novia_2024_Silvia_Fernandez_MENCIA-DETALLE-2.jpg 880w\" sizes=\"(max-width: 800px) 100vw, 800px\" \/>\t\t\t\t\t\t\t\t\t\t\t\t\t\t\t<\/div>\n\t\t\t\t\t<\/div>\n\t\t<\/div>\n\t\t\t\t<div class=\"elementor-column elementor-col-50 elementor-top-column elementor-element elementor-element-6d7a104\" data-id=\"6d7a104\" data-element_type=\"column\" data-e-type=\"column\">\n\t\t\t<div class=\"elementor-widget-wrap elementor-element-populated\">\n\t\t\t\t\t\t<div class=\"elementor-element elementor-element-7f346bd elementor-widget elementor-widget-heading\" data-id=\"7f346bd\" data-element_type=\"widget\" data-e-type=\"widget\" data-widget_type=\"heading.default\">\n\t\t\t\t\t<h2 class=\"elementor-heading-title elementor-size-default\">Madrid, C\/ Almirante <\/h2>\t\t\t\t<\/div>\n\t\t\t\t<div class=\"elementor-element elementor-element-374f644 elementor-widget elementor-widget-jet-listing-dynamic-field\" data-id=\"374f644\" data-element_type=\"widget\" data-e-type=\"widget\" data-widget_type=\"jet-listing-dynamic-field.default\">\n\t\t\t\t\t<div class=\"jet-listing-dynamic-field__icon is-svg-icon\"><svg class=\"e-font-icon-svg e-far-calendar-alt\" aria-hidden=\"true\" viewBox=\"0 0 448 512\" xmlns=\"http:\/\/www.w3.org\/2000\/svg\"><path d=\"M148 288h-40c-6.6 0-12-5.4-12-12v-40c0-6.6 5.4-12 12-12h40c6.6 0 12 5.4 12 12v40c0 6.6-5.4 12-12 12zm108-12v-40c0-6.6-5.4-12-12-12h-40c-6.6 0-12 5.4-12 12v40c0 6.6 5.4 12 12 12h40c6.6 0 12-5.4 12-12zm96 0v-40c0-6.6-5.4-12-12-12h-40c-6.6 0-12 5.4-12 12v40c0 6.6 5.4 12 12 12h40c6.6 0 12-5.4 12-12zm-96 96v-40c0-6.6-5.4-12-12-12h-40c-6.6 0-12 5.4-12 12v40c0 6.6 5.4 12 12 12h40c6.6 0 12-5.4 12-12zm-96 0v-40c0-6.6-5.4-12-12-12h-40c-6.6 0-12 5.4-12 12v40c0 6.6 5.4 12 12 12h40c6.6 0 12-5.4 12-12zm192 0v-40c0-6.6-5.4-12-12-12h-40c-6.6 0-12 5.4-12 12v40c0 6.6 5.4 12 12 12h40c6.6 0 12-5.4 12-12zm96-260v352c0 26.5-21.5 48-48 48H48c-26.5 0-48-21.5-48-48V112c0-26.5 21.5-48 48-48h48V12c0-6.6 5.4-12 12-12h40c6.6 0 12 5.4 12 12v52h128V12c0-6.6 5.4-12 12-12h40c6.6 0 12 5.4 12 12v52h48c26.5 0 48 21.5 48 48zm-48 346V160H48v298c0 3.3 2.7 6 6 6h340c3.3 0 6-2.7 6-6z\"><\/path><\/svg><\/div><div class=\"jet-listing-dynamic-field__content\" >31  January 2026<\/div>\t\t\t\t<\/div>\n\t\t\t\t<div class=\"elementor-element elementor-element-58371e8 elementor-widget elementor-widget-image\" data-id=\"58371e8\" data-element_type=\"widget\" data-e-type=\"widget\" data-widget_type=\"image.default\">\n\t\t\t\t\t\t\t\t\t\t\t\t\t\t\t<img decoding=\"async\" width=\"800\" height=\"145\" src=\"https:\/\/silviafernandez.com\/wp-content\/uploads\/2020\/04\/logo-black.svg\" class=\"attachment-large size-large wp-image-11928\" alt=\"Logo Black\" \/>\t\t\t\t\t\t\t\t\t\t\t\t\t\t\t<\/div>\n\t\t\t\t<div class=\"elementor-element elementor-element-4ec0222 elementor-widget elementor-widget-heading\" data-id=\"4ec0222\" data-element_type=\"widget\" data-e-type=\"widget\" data-widget_type=\"heading.default\">\n\t\t\t\t\t<h2 class=\"elementor-heading-title elementor-size-default\">Calle Almirante, 9 28004 Madrid<\/h2>\t\t\t\t<\/div>\n\t\t\t\t<div class=\"elementor-element elementor-element-63f1cb3 elementor-widget-divider--view-line elementor-widget elementor-widget-divider\" data-id=\"63f1cb3\" data-element_type=\"widget\" data-e-type=\"widget\" data-widget_type=\"divider.default\">\n\t\t\t\t\t\t\t<div class=\"elementor-divider\">\n\t\t\t<span class=\"elementor-divider-separator\">\n\t\t\t\t\t\t<\/span>\n\t\t<\/div>\n\t\t\t\t\t\t<\/div>\n\t\t\t\t<div class=\"elementor-element elementor-element-a18f538 elementor-widget elementor-widget-heading\" data-id=\"a18f538\" data-element_type=\"widget\" data-e-type=\"widget\" data-widget_type=\"heading.default\">\n\t\t\t\t\t<h2 class=\"elementor-heading-title elementor-size-default\">Descubre nuestra nueva Colecci\u00f3n<\/h2>\t\t\t\t<\/div>\n\t\t\t\t<div class=\"elementor-element elementor-element-f9d5e20 elementor-widget elementor-widget-heading\" data-id=\"f9d5e20\" data-element_type=\"widget\" data-e-type=\"widget\" data-widget_type=\"heading.default\">\n\t\t\t\t\t<h2 class=\"elementor-heading-title elementor-size-default\">MADEMOISELLE<\/h2>\t\t\t\t<\/div>\n\t\t\t\t<div class=\"elementor-element elementor-element-9a6d44b elementor-widget elementor-widget-heading\" data-id=\"9a6d44b\" data-element_type=\"widget\" data-e-type=\"widget\" data-widget_type=\"heading.default\">\n\t\t\t\t\t<h2 class=\"elementor-heading-title elementor-size-default\">\u00bfQu\u00e9 es un Designer Day? <\/h2>\t\t\t\t<\/div>\n\t\t\t\t<div class=\"elementor-element elementor-element-cb839f4 elementor-widget elementor-widget-heading\" data-id=\"cb839f4\" data-element_type=\"widget\" data-e-type=\"widget\" data-widget_type=\"heading.default\">\n\t\t\t\t\t<h2 class=\"elementor-heading-title elementor-size-default\">Una cita \u00fanica en la que nuestra dise\u00f1adora Silvia Fern\u00e1ndez en persona, te acompa\u00f1ar\u00e1 y asesorar\u00e1 durante la elecci\u00f3n del vestido de tus sue\u00f1os. <\/p>\nVive una experiencia de probador exclusiva reservando una de nuestras plazas limitadas.<\/h2>\t\t\t\t<\/div>\n\t\t\t\t<section class=\"elementor-section elementor-inner-section elementor-element elementor-element-30f60e1 elementor-section-boxed elementor-section-height-default elementor-section-height-default\" data-id=\"30f60e1\" data-element_type=\"section\" data-e-type=\"section\" data-settings=\"{&quot;jet_parallax_layout_list&quot;:[{&quot;jet_parallax_layout_image&quot;:{&quot;url&quot;:&quot;&quot;,&quot;id&quot;:&quot;&quot;,&quot;size&quot;:&quot;&quot;},&quot;_id&quot;:&quot;00db86a&quot;,&quot;jet_parallax_layout_image_tablet&quot;:{&quot;url&quot;:&quot;&quot;,&quot;id&quot;:&quot;&quot;,&quot;size&quot;:&quot;&quot;},&quot;jet_parallax_layout_image_mobile&quot;:{&quot;url&quot;:&quot;&quot;,&quot;id&quot;:&quot;&quot;,&quot;size&quot;:&quot;&quot;},&quot;jet_parallax_layout_speed&quot;:{&quot;unit&quot;:&quot;%&quot;,&quot;size&quot;:50,&quot;sizes&quot;:[]},&quot;jet_parallax_layout_type&quot;:&quot;scroll&quot;,&quot;jet_parallax_layout_direction&quot;:&quot;1&quot;,&quot;jet_parallax_layout_fx_direction&quot;:null,&quot;jet_parallax_layout_z_index&quot;:&quot;&quot;,&quot;jet_parallax_layout_bg_x&quot;:50,&quot;jet_parallax_layout_bg_x_tablet&quot;:&quot;&quot;,&quot;jet_parallax_layout_bg_x_mobile&quot;:&quot;&quot;,&quot;jet_parallax_layout_bg_y&quot;:50,&quot;jet_parallax_layout_bg_y_tablet&quot;:&quot;&quot;,&quot;jet_parallax_layout_bg_y_mobile&quot;:&quot;&quot;,&quot;jet_parallax_layout_bg_size&quot;:&quot;auto&quot;,&quot;jet_parallax_layout_bg_size_tablet&quot;:&quot;&quot;,&quot;jet_parallax_layout_bg_size_mobile&quot;:&quot;&quot;,&quot;jet_parallax_layout_animation_prop&quot;:&quot;transform&quot;,&quot;jet_parallax_layout_on&quot;:[&quot;desktop&quot;,&quot;tablet&quot;]}]}\">\n\t\t\t\t\t\t<div class=\"elementor-container elementor-column-gap-default\">\n\t\t\t\t\t<div class=\"elementor-column elementor-col-100 elementor-inner-column elementor-element elementor-element-baa59e2\" data-id=\"baa59e2\" data-element_type=\"column\" data-e-type=\"column\">\n\t\t\t<div class=\"elementor-widget-wrap elementor-element-populated\">\n\t\t\t\t\t\t<div class=\"elementor-element elementor-element-a89783c elementor-widget elementor-widget-ameliaevents\" data-id=\"a89783c\" data-element_type=\"widget\" data-e-type=\"widget\" data-widget_type=\"ameliaevents.default\">\n\t\t\t\t<div class=\"elementor-widget-container\">\n\t\t\t\t\t<script>\n  if (typeof hasAmeliaEvent === 'undefined') {\n    var hasAmeliaEvent = true;\n  }\n  if (typeof hasEventApiCall === 'undefined' && ('' === '' && '' !== '1')) {\n    var hasEventApiCall = true;\n  }\n  var hasEventShortcode = (typeof hasEventShortcode === 'undefined') ? false : true;\n  var ameliaShortcodeData = (typeof ameliaShortcodeData === 'undefined') ? [] : ameliaShortcodeData;\n  ameliaShortcodeData.push(\n    {\n      'hasApiCall': (typeof hasEventApiCall !== 'undefined') && hasEventApiCall,\n      'trigger': '',\n      'trigger_type': '',\n      'triggered_form': 'elf',\n      'in_dialog': '',\n      'counter': '1000',\n      'employee': '',\n      'eventId': '58',\n      'eventRecurring': 0,\n      'eventTag': \"\",\n      'locationId': \"\",\n      'range': \"\"\n    }\n  );\n  var ameliaShortcodeDataTriggered = (typeof ameliaShortcodeDataTriggered === 'undefined') ? [] : ameliaShortcodeDataTriggered;\n  if (ameliaShortcodeData[ameliaShortcodeData.length - 1].trigger !== '') {\n    if (ameliaShortcodeDataTriggered.filter(a => a.counter === ameliaShortcodeData[ameliaShortcodeData.length - 1].counter).length === 0) {\n      ameliaShortcodeDataTriggered.push(ameliaShortcodeData.pop());\n    } else {\n      ameliaShortcodeData.pop()\n    }\n  }\n  if (typeof hasEventApiCall !== 'undefined' && hasEventApiCall) {\n    hasEventApiCall = false;\n  }\n<\/script>\n\n<div\n  id=\"amelia-v2-booking-1000\"\n  class=\"amelia-v2-booking\"\n>\n    <events-list-form-wrapper><\/div>\n\t\t\t\t<\/div>\n\t\t\t\t<\/div>\n\t\t\t\t<div class=\"elementor-element elementor-element-ff6f433 elementor-widget elementor-widget-shortcode\" data-id=\"ff6f433\" data-element_type=\"widget\" data-e-type=\"widget\" data-widget_type=\"shortcode.default\">\n\t\t\t\t\t\n<script>\n\/\/ Esperar a que la p\u00e1gina est\u00e9 completamente cargada\nwindow.addEventListener('load', function() {\n  setTimeout(function() {\n    buscarYClick();\n\tbuscarYClickMovil();\n  }, 500);\n});\n\nfunction buscarYClick() {\n  \/\/ Obtener el bot\u00f3n por su identificador\n  var button = document.querySelector('.am-event-book-continue > button');\n\n  \/\/ Verificar si se encontr\u00f3 el bot\u00f3n\n  if (button) {\n    \/\/ Simular un clic en el bot\u00f3n\n    button.click();\n  } else {\n    \/\/ Si no se encontr\u00f3 el bot\u00f3n, intentar de nuevo en 1 segundo\n    setTimeout(function() {\n      buscarYClick();\n    }, 100);\n  }\n};\nfunction buscarYClickMovil() {\n  \/\/ Obtener el bot\u00f3n por su identificador\n  var button = document.querySelector('.contenedormovilbotones .am-event-book-continue > button');\n\n  \/\/ Verificar si se encontr\u00f3 el bot\u00f3n\n  if (button) {\n    \/\/ Simular un clic en el bot\u00f3n\n    button.click();\n  } else {\n    \/\/ Si no se encontr\u00f3 el bot\u00f3n, intentar de nuevo en 1 segundo\n    setTimeout(function() {\n      buscarYClickMovil();\n    }, 100);\n  }\n}\n<\/script>\n\t\t<div class=\"elementor-shortcode\"><\/div>\n\t\t\t\t\t\t<\/div>\n\t\t\t\t\t<\/div>\n\t\t<\/div>\n\t\t\t\t\t<\/div>\n\t\t<\/section>\n\t\t\t\t\t<\/div>\n\t\t<\/div>\n\t\t\t\t\t<\/div>\n\t\t<\/section>\n\t\t\t\t<\/div>\n\t\t","protected":false},"template":"","class_list":["post-30685","calendario-eventos","type-calendario-eventos","status-publish","hentry"],"_links":{"self":[{"href":"https:\/\/silviafernandez.com\/en\/wp-json\/wp\/v2\/calendario-eventos\/30685","targetHints":{"allow":["GET"]}}],"collection":[{"href":"https:\/\/silviafernandez.com\/en\/wp-json\/wp\/v2\/calendario-eventos"}],"about":[{"href":"https:\/\/silviafernandez.com\/en\/wp-json\/wp\/v2\/types\/calendario-eventos"}],"version-history":[{"count":4,"href":"https:\/\/silviafernandez.com\/en\/wp-json\/wp\/v2\/calendario-eventos\/30685\/revisions"}],"predecessor-version":[{"id":37273,"href":"https:\/\/silviafernandez.com\/en\/wp-json\/wp\/v2\/calendario-eventos\/30685\/revisions\/37273"}],"wp:attachment":[{"href":"https:\/\/silviafernandez.com\/en\/wp-json\/wp\/v2\/media?parent=30685"}],"curies":[{"name":"wp","href":"https:\/\/api.w.org\/{rel}","templated":true}]}}